{"id":921,"date":"2025-12-01T12:21:30","date_gmt":"2025-12-01T12:21:30","guid":{"rendered":"https:\/\/immomatter.ch\/immobilien\/1681269en-villa-individuelle-9-pieces-a-sauverny\/"},"modified":"2026-05-01T05:44:40","modified_gmt":"2026-05-01T05:44:40","slug":"1681269en-villa-individuelle-9-pieces-a-sauverny","status":"publish","type":"casawp_property","link":"https:\/\/immomatter.ch\/en\/immobilien\/1681269en-villa-individuelle-9-pieces-a-sauverny\/","title":{"rendered":"Villa individuelle 9 pi\u00e8ces \u00e0 Sauverny"},"content":{"rendered":"<p><p>Situ\u00e9e proche de Divonne-les-Bains, cette belle maison de 6 chambres est une opportunit\u00e9 exceptionnelle. Sa proximit\u00e9 avec la douane suisse en fait un lieu de r\u00e9sidence id\u00e9al pour les travailleurs frontaliers. Dot\u00e9e d&#8217;une piscine pour des moments de d\u00e9tente en famille, cette propri\u00e9t\u00e9 offre un spacieux terrain de 1471 m2, entour\u00e9 d&#8217;un paysage paisible. Les 336 m2 habitables sont r\u00e9partis harmonieusement, offrant amplement d&#8217;espace pour vivre et recevoir des invit\u00e9s. Chaque jour, vous serez enchant\u00e9 par la vue imprenable sur le majestueux Mont Blanc, cr\u00e9ant une atmosph\u00e8re de s\u00e9r\u00e9nit\u00e9. Loin de l&#8217;agitation urbaine, cette maison offre un refuge tranquille. Ne manquez pas cette opportunit\u00e9 rare d&#8217;allier une maison spacieuse \u00e0 un emplacement strat\u00e9gique, pour une qualit\u00e9 de vue incomparable.<\/p>\n<\/p>\n<p>R\u00e9sidence secondaire permise <\/p>\n<p>Nombre de toilettes 4 <\/p>\n<p>Nombre de terrasses 1 <\/p>\n<p>Balcons 2<\/p>\n<p>Nombre d&#8217;\u00e9tage(s) au total 3<\/p>\n<p>Sous-sol 1 <\/p>\n<p>Greniers 2<\/p>\n<p>Type de chauffage \u00e9lectrique<\/p>\n<p>Installation de chauffage Radiateurs <\/p>\n<p>Chauffage d&#8217;appoint Foyer (bois) Ruegg <\/p>\n<\/p>\n<p>CONSTRUCTION<\/p>\n<p>Construite en 1981 et r\u00e9guli\u00e8rement entretenue avec soin.<\/p>\n<\/p>\n<p>REZ-DE-CHAUSS\u00c9E<\/p>\n<p>Hall d&#8217;entr\u00e9e<\/p>\n<ul>\n<li> Cuisine enti\u00e8rement \u00e9quip\u00e9e avec coin repas<\/ul>\n<\/li>\n<p>avec vue sur les Alpes<\/p>\n<ul>\n<li> Salon avec chemin\u00e9e<\/li>\n<li> Salle \u00e0 manger donnant sur la terrasse &#8211; Salle de bain\/WC<\/li>\n<li> Chambre\/bureau<\/li>\n<li> Couloir<\/li>\n<li> Chambre parentale avec dressing<\/ul>\n<\/li>\n<p>et salle de bain attenante<\/p>\n<\/p>\n<p>PREMIER \u00c9TAGE<\/p>\n<ul>\n<li> Hall et bureau<\/li>\n<li> Chambre parentale avec grand balcon &#8211; 2 chambres enfants<\/li>\n<li> Salle d&#8217;eau\/WC<\/ul>\n<\/li>\n<p>SOUS-SOL<\/p>\n<ul>\n<li> Garage pour 2 voitures<\/li>\n<li> Buanderie\/buanderie &#8211; Studio\/Salle de jeux<\/li>\n<li> Atelier<\/li>\n<li> Salle d&#8217;eau\/WC<\/li>\n<li> Couloir<\/ul>\n<\/li>\n<p>EXT\u00c9RIEUR<\/p>\n<ul>\n<li> Magnifique piscine avec plongeoir (12m x 5m)<\/li>\n<li> Pool-house<\/li>\n<li> Cabane de jardin &amp; Serre<\/li>\n<li> Portail d&#8217;entr\u00e9e \u00e9lectrique<\/li>\n<li> Potager arbor\u00e9, arbres fruitiers,<\/ul>\n<\/li>\n<p>jardin d&#8217;herbes aromatiques&#8230;<\/p>\n<\/p>\n<p>DEHORS<\/p>\n<p>Balcon(s)<\/p>\n<p>Terrasse(s)<\/p>\n<p>Jardin<\/p>\n<p>Calme \/ tranquillit\u00e9 Verdure \/ campagne Abri de jardin &amp; Serre Parking<\/p>\n<p>Piscine<\/p>\n<\/p>\n<p>\u00c0 L&#8217;INT\u00c9RIEUR<\/p>\n<p>Garage<\/p>\n<p>Cuisine enti\u00e8rement \u00e9quip\u00e9e<\/p>\n<p>Vestiaire<\/p>\n<p>Greniers<\/p>\n<p>Atelier \/ Salle de bricolage<\/p>\n<p>Armoires encastr\u00e9es<\/p>\n<p>Adoucisseur d&#8217;eau<\/p>\n<p>Moustiquaire<\/p>\n<p>Chemin\u00e9e<\/p>\n<p>Triple vitrage<\/p>\n<p>Isolation \u00e0 haut coefficient d&#8217;isolation partout<\/p>\n<\/p>\n<p>\u00c9QUIPEMENT<\/p>\n<p>Cuisine \u00e9quip\u00e9e<\/p>\n<p>Salles de bains et salles d&#8217;eau Syst\u00e8me de capteurs solaires thermiques Internet par fibre optique<\/p>\n<p>Alarme<\/p>\n<p>Porte de garage \u00e9lectrique<\/p>\n<p>Portails \u00e9lectriques<\/p>\n<\/p>\n<p>VUES<\/p>\n<p>Belles vues D\u00e9gag\u00e9e Lac Imprenable Montagnes Alpes Jura<\/p>\n<\/p>\n<p>EXPOSITION<\/p>\n<p>Sud &#8211; Ouest<\/p>\n<p>SOLEIL favorable<\/p>\n<\/p>\n<p>Quartier r\u00e9sidentiel de villas, cet jolie maison est situ\u00e9e proche de pleins de Commerces <\/p>\n<p>Restaurant(s)<\/p>\n<p>Arr\u00eat de bus<\/p>\n<p>Enfants bienvenus Aire de jeux \u00c9cole maternelle \u00c9cole primaire<\/p>\n<p>Lyc\u00e9e<\/p>\n<p>\u00c9cole internationale<\/p>\n<p>Centre sportif (tennis, football, p\u00e9tanque) Plusieurs golfs<\/p>\n<p>Sentiers de randonn\u00e9e<\/p>\n<p>Pistes de ski<\/p>\n<p>Pistes cyclables<\/p>\n<p>H\u00f4pital\/Clinique<\/p>\n<p>M\u00e9decins<\/p>\n<p>Poste de douane suisse\/fran\u00e7aise<\/p><\/p>\n","protected":false},"excerpt":{"rendered":"<p>Superbe maison individuelle avec piscine et vue sur les montagnes<\/p>\n","protected":false},"author":0,"featured_media":922,"parent":0,"menu_order":15,"comment_status":"closed","ping_status":"closed","template":"","meta":{"_acf_changed":false,"inline_featured_image":false,"footnotes":""},"casawp_category":[16],"casawp_feature":[31,19,20,18],"casawp_utility":[22],"casawp_location":[40,49],"casawp_salestype":[23],"casawp_availability":[24],"casawp_region":[],"class_list":["post-921","casawp_property","type-casawp_property","status-publish","has-post-thumbnail","hentry","casawp_category-villa","casawp_feature-has-balcony","casawp_feature-has-garage","casawp_feature-has-mountain-view","casawp_feature-has-parking","casawp_utility-residential","casawp_location-country_fr","casawp_location-locality_sauverny","casawp_salestype-buy","casawp_availability-active"],"acf":[],"yoast_head":"<!-- This site is optimized with the Yoast SEO plugin v27.5 - https:\/\/yoast.com\/product\/yoast-seo-wordpress\/ -->\n<title>Villa individuelle 9 pi\u00e8ces \u00e0 Sauverny - Immo Matter &amp; Associ\u00e9s S\u00e0rl<\/title>\n<meta name=\"robots\" content=\"index, follow, max-snippet:-1, max-image-preview:large, max-video-preview:-1\" \/>\n<link rel=\"canonical\" href=\"https:\/\/immomatter.ch\/immobilien\/1681269en-villa-individuelle-9-pieces-a-sauverny\/\" \/>\n<meta property=\"og:locale\" content=\"en_US\" \/>\n<meta property=\"og:type\" content=\"article\" \/>\n<meta property=\"og:title\" content=\"Villa individuelle 9 pi\u00e8ces \u00e0 Sauverny - Immo Matter &amp; Associ\u00e9s S\u00e0rl\" \/>\n<meta property=\"og:description\" content=\"Superbe maison individuelle avec piscine et vue sur les montagnes\" \/>\n<meta property=\"og:url\" content=\"https:\/\/immomatter.ch\/immobilien\/1681269en-villa-individuelle-9-pieces-a-sauverny\/\" \/>\n<meta property=\"og:site_name\" content=\"Immo Matter &amp; Associ\u00e9s S\u00e0rl\" \/>\n<meta property=\"article:modified_time\" content=\"2026-05-01T05:44:40+00:00\" \/>\n<meta name=\"twitter:card\" content=\"summary_large_image\" \/>\n<meta name=\"twitter:label1\" content=\"Est. reading time\" \/>\n\t<meta name=\"twitter:data1\" content=\"2 minutes\" \/>\n<script type=\"application\/ld+json\" class=\"yoast-schema-graph\">{\"@context\":\"https:\\\/\\\/schema.org\",\"@graph\":[{\"@type\":\"WebPage\",\"@id\":\"https:\\\/\\\/immomatter.ch\\\/immobilien\\\/1681269en-villa-individuelle-9-pieces-a-sauverny\\\/\",\"url\":\"https:\\\/\\\/immomatter.ch\\\/immobilien\\\/1681269en-villa-individuelle-9-pieces-a-sauverny\\\/\",\"name\":\"Villa individuelle 9 pi\u00e8ces \u00e0 Sauverny - Immo Matter &amp; Associ\u00e9s S\u00e0rl\",\"isPartOf\":{\"@id\":\"https:\\\/\\\/immomatter.ch\\\/#website\"},\"primaryImageOfPage\":{\"@id\":\"https:\\\/\\\/immomatter.ch\\\/immobilien\\\/1681269en-villa-individuelle-9-pieces-a-sauverny\\\/#primaryimage\"},\"image\":{\"@id\":\"https:\\\/\\\/immomatter.ch\\\/immobilien\\\/1681269en-villa-individuelle-9-pieces-a-sauverny\\\/#primaryimage\"},\"thumbnailUrl\":\"https:\\\/\\\/cdn.casasoft.com\\\/media\\\/provider-14037\\\/property-1681269\\\/5ae75c0e87e8ef716f8860c44c4c875a.jpeg?p=xl\",\"datePublished\":\"2025-12-01T12:21:30+00:00\",\"dateModified\":\"2026-05-01T05:44:40+00:00\",\"breadcrumb\":{\"@id\":\"https:\\\/\\\/immomatter.ch\\\/immobilien\\\/1681269en-villa-individuelle-9-pieces-a-sauverny\\\/#breadcrumb\"},\"inLanguage\":\"en-US\",\"potentialAction\":[{\"@type\":\"ReadAction\",\"target\":[\"https:\\\/\\\/immomatter.ch\\\/immobilien\\\/1681269en-villa-individuelle-9-pieces-a-sauverny\\\/\"]}]},{\"@type\":\"ImageObject\",\"inLanguage\":\"en-US\",\"@id\":\"https:\\\/\\\/immomatter.ch\\\/immobilien\\\/1681269en-villa-individuelle-9-pieces-a-sauverny\\\/#primaryimage\",\"url\":\"https:\\\/\\\/cdn.casasoft.com\\\/media\\\/provider-14037\\\/property-1681269\\\/5ae75c0e87e8ef716f8860c44c4c875a.jpeg?p=xl\",\"contentUrl\":\"https:\\\/\\\/cdn.casasoft.com\\\/media\\\/provider-14037\\\/property-1681269\\\/5ae75c0e87e8ef716f8860c44c4c875a.jpeg?p=xl\"},{\"@type\":\"BreadcrumbList\",\"@id\":\"https:\\\/\\\/immomatter.ch\\\/immobilien\\\/1681269en-villa-individuelle-9-pieces-a-sauverny\\\/#breadcrumb\",\"itemListElement\":[{\"@type\":\"ListItem\",\"position\":1,\"name\":\"Home\",\"item\":\"https:\\\/\\\/immomatter.ch\\\/en\\\/\"},{\"@type\":\"ListItem\",\"position\":2,\"name\":\"Propri\u00e9t\u00e9s\",\"item\":\"https:\\\/\\\/immomatter.ch\\\/immobilien\\\/\"},{\"@type\":\"ListItem\",\"position\":3,\"name\":\"Villa individuelle 9 pi\u00e8ces \u00e0 Sauverny\"}]},{\"@type\":\"WebSite\",\"@id\":\"https:\\\/\\\/immomatter.ch\\\/#website\",\"url\":\"https:\\\/\\\/immomatter.ch\\\/\",\"name\":\"Immo Matter &amp; Associ\u00e9s S\u00e0rl\",\"description\":\"\",\"publisher\":{\"@id\":\"https:\\\/\\\/immomatter.ch\\\/#organization\"},\"potentialAction\":[{\"@type\":\"SearchAction\",\"target\":{\"@type\":\"EntryPoint\",\"urlTemplate\":\"https:\\\/\\\/immomatter.ch\\\/?s={search_term_string}\"},\"query-input\":{\"@type\":\"PropertyValueSpecification\",\"valueRequired\":true,\"valueName\":\"search_term_string\"}}],\"inLanguage\":\"en-US\"},{\"@type\":\"Organization\",\"@id\":\"https:\\\/\\\/immomatter.ch\\\/#organization\",\"name\":\"Immo Matter &amp; Associ\u00e9s S\u00e0rl\",\"url\":\"https:\\\/\\\/immomatter.ch\\\/\",\"logo\":{\"@type\":\"ImageObject\",\"inLanguage\":\"en-US\",\"@id\":\"https:\\\/\\\/immomatter.ch\\\/#\\\/schema\\\/logo\\\/image\\\/\",\"url\":\"https:\\\/\\\/immomatter.ch\\\/wp-content\\\/uploads\\\/sites\\\/85\\\/2025\\\/08\\\/Logo-immo-4-cropped.svg\",\"contentUrl\":\"https:\\\/\\\/immomatter.ch\\\/wp-content\\\/uploads\\\/sites\\\/85\\\/2025\\\/08\\\/Logo-immo-4-cropped.svg\",\"caption\":\"Immo Matter &amp; Associ\u00e9s S\u00e0rl\"},\"image\":{\"@id\":\"https:\\\/\\\/immomatter.ch\\\/#\\\/schema\\\/logo\\\/image\\\/\"}}]}<\/script>\n<!-- \/ Yoast SEO plugin. -->","yoast_head_json":{"title":"Villa individuelle 9 pi\u00e8ces \u00e0 Sauverny - Immo Matter &amp; Associ\u00e9s S\u00e0rl","robots":{"index":"index","follow":"follow","max-snippet":"max-snippet:-1","max-image-preview":"max-image-preview:large","max-video-preview":"max-video-preview:-1"},"canonical":"https:\/\/immomatter.ch\/immobilien\/1681269en-villa-individuelle-9-pieces-a-sauverny\/","og_locale":"en_US","og_type":"article","og_title":"Villa individuelle 9 pi\u00e8ces \u00e0 Sauverny - Immo Matter &amp; Associ\u00e9s S\u00e0rl","og_description":"Superbe maison individuelle avec piscine et vue sur les montagnes","og_url":"https:\/\/immomatter.ch\/immobilien\/1681269en-villa-individuelle-9-pieces-a-sauverny\/","og_site_name":"Immo Matter &amp; Associ\u00e9s S\u00e0rl","article_modified_time":"2026-05-01T05:44:40+00:00","twitter_card":"summary_large_image","twitter_misc":{"Est. reading time":"2 minutes"},"schema":{"@context":"https:\/\/schema.org","@graph":[{"@type":"WebPage","@id":"https:\/\/immomatter.ch\/immobilien\/1681269en-villa-individuelle-9-pieces-a-sauverny\/","url":"https:\/\/immomatter.ch\/immobilien\/1681269en-villa-individuelle-9-pieces-a-sauverny\/","name":"Villa individuelle 9 pi\u00e8ces \u00e0 Sauverny - Immo Matter &amp; Associ\u00e9s S\u00e0rl","isPartOf":{"@id":"https:\/\/immomatter.ch\/#website"},"primaryImageOfPage":{"@id":"https:\/\/immomatter.ch\/immobilien\/1681269en-villa-individuelle-9-pieces-a-sauverny\/#primaryimage"},"image":{"@id":"https:\/\/immomatter.ch\/immobilien\/1681269en-villa-individuelle-9-pieces-a-sauverny\/#primaryimage"},"thumbnailUrl":"https:\/\/cdn.casasoft.com\/media\/provider-14037\/property-1681269\/5ae75c0e87e8ef716f8860c44c4c875a.jpeg?p=xl","datePublished":"2025-12-01T12:21:30+00:00","dateModified":"2026-05-01T05:44:40+00:00","breadcrumb":{"@id":"https:\/\/immomatter.ch\/immobilien\/1681269en-villa-individuelle-9-pieces-a-sauverny\/#breadcrumb"},"inLanguage":"en-US","potentialAction":[{"@type":"ReadAction","target":["https:\/\/immomatter.ch\/immobilien\/1681269en-villa-individuelle-9-pieces-a-sauverny\/"]}]},{"@type":"ImageObject","inLanguage":"en-US","@id":"https:\/\/immomatter.ch\/immobilien\/1681269en-villa-individuelle-9-pieces-a-sauverny\/#primaryimage","url":"https:\/\/cdn.casasoft.com\/media\/provider-14037\/property-1681269\/5ae75c0e87e8ef716f8860c44c4c875a.jpeg?p=xl","contentUrl":"https:\/\/cdn.casasoft.com\/media\/provider-14037\/property-1681269\/5ae75c0e87e8ef716f8860c44c4c875a.jpeg?p=xl"},{"@type":"BreadcrumbList","@id":"https:\/\/immomatter.ch\/immobilien\/1681269en-villa-individuelle-9-pieces-a-sauverny\/#breadcrumb","itemListElement":[{"@type":"ListItem","position":1,"name":"Home","item":"https:\/\/immomatter.ch\/en\/"},{"@type":"ListItem","position":2,"name":"Propri\u00e9t\u00e9s","item":"https:\/\/immomatter.ch\/immobilien\/"},{"@type":"ListItem","position":3,"name":"Villa individuelle 9 pi\u00e8ces \u00e0 Sauverny"}]},{"@type":"WebSite","@id":"https:\/\/immomatter.ch\/#website","url":"https:\/\/immomatter.ch\/","name":"Immo Matter &amp; Associ\u00e9s S\u00e0rl","description":"","publisher":{"@id":"https:\/\/immomatter.ch\/#organization"},"potentialAction":[{"@type":"SearchAction","target":{"@type":"EntryPoint","urlTemplate":"https:\/\/immomatter.ch\/?s={search_term_string}"},"query-input":{"@type":"PropertyValueSpecification","valueRequired":true,"valueName":"search_term_string"}}],"inLanguage":"en-US"},{"@type":"Organization","@id":"https:\/\/immomatter.ch\/#organization","name":"Immo Matter &amp; Associ\u00e9s S\u00e0rl","url":"https:\/\/immomatter.ch\/","logo":{"@type":"ImageObject","inLanguage":"en-US","@id":"https:\/\/immomatter.ch\/#\/schema\/logo\/image\/","url":"https:\/\/immomatter.ch\/wp-content\/uploads\/sites\/85\/2025\/08\/Logo-immo-4-cropped.svg","contentUrl":"https:\/\/immomatter.ch\/wp-content\/uploads\/sites\/85\/2025\/08\/Logo-immo-4-cropped.svg","caption":"Immo Matter &amp; Associ\u00e9s S\u00e0rl"},"image":{"@id":"https:\/\/immomatter.ch\/#\/schema\/logo\/image\/"}}]}},"_links":{"self":[{"href":"https:\/\/immomatter.ch\/en\/wp-json\/wp\/v2\/casawp_property\/921","targetHints":{"allow":["GET"]}}],"collection":[{"href":"https:\/\/immomatter.ch\/en\/wp-json\/wp\/v2\/casawp_property"}],"about":[{"href":"https:\/\/immomatter.ch\/en\/wp-json\/wp\/v2\/types\/casawp_property"}],"replies":[{"embeddable":true,"href":"https:\/\/immomatter.ch\/en\/wp-json\/wp\/v2\/comments?post=921"}],"version-history":[{"count":0,"href":"https:\/\/immomatter.ch\/en\/wp-json\/wp\/v2\/casawp_property\/921\/revisions"}],"wp:featuredmedia":[{"embeddable":true,"href":"https:\/\/immomatter.ch\/en\/wp-json\/wp\/v2\/media\/922"}],"wp:attachment":[{"href":"https:\/\/immomatter.ch\/en\/wp-json\/wp\/v2\/media?parent=921"}],"wp:term":[{"taxonomy":"casawp_category","embeddable":true,"href":"https:\/\/immomatter.ch\/en\/wp-json\/wp\/v2\/casawp_category?post=921"},{"taxonomy":"casawp_feature","embeddable":true,"href":"https:\/\/immomatter.ch\/en\/wp-json\/wp\/v2\/casawp_feature?post=921"},{"taxonomy":"casawp_utility","embeddable":true,"href":"https:\/\/immomatter.ch\/en\/wp-json\/wp\/v2\/casawp_utility?post=921"},{"taxonomy":"casawp_location","embeddable":true,"href":"https:\/\/immomatter.ch\/en\/wp-json\/wp\/v2\/casawp_location?post=921"},{"taxonomy":"casawp_salestype","embeddable":true,"href":"https:\/\/immomatter.ch\/en\/wp-json\/wp\/v2\/casawp_salestype?post=921"},{"taxonomy":"casawp_availability","embeddable":true,"href":"https:\/\/immomatter.ch\/en\/wp-json\/wp\/v2\/casawp_availability?post=921"},{"taxonomy":"casawp_region","embeddable":true,"href":"https:\/\/immomatter.ch\/en\/wp-json\/wp\/v2\/casawp_region?post=921"}],"curies":[{"name":"wp","href":"https:\/\/api.w.org\/{rel}","templated":true}]}}